{"id":581,"date":"2024-10-06T15:41:01","date_gmt":"2024-10-06T15:41:01","guid":{"rendered":"http:\/\/dev.otorinoticino.ch\/?page_id=581"},"modified":"2024-10-17T05:11:51","modified_gmt":"2024-10-17T05:11:51","slug":"integrative-holistic-health","status":"publish","type":"page","link":"https:\/\/otorinoticino.ch\/fr\/integrative-holistic-health\/","title":{"rendered":"Sant\u00e9 holistique int\u00e9grative"},"content":{"rendered":"<div class=\"gb-container gb-container-91a56c38\">\n\n<h1 class=\"gb-headline gb-headline-845b527a gb-headline-text\"><strong>SANT\u00c9 HOLISTIQUE INT\u00c9GRATIVE<path d=\"M276.9 391.3h-1c-6.3-.5-11.5-4.7-13.6-10.4l-97.7-272.7L103 229.4c-2.6 5.2-7.8 8.4-14.1 8.4H15.7C6.8 237.7 0 231 0 222.1s6.8-15.7 15.7-15.7h63.7l74.2-145.2c2.6-5.7 8.9-8.9 15.2-8.4s11.5 4.7 13.6 10.4L279.5 336l61.6-121.2c2.6-5.2 7.8-8.4 14.1-8.4h73.1c8.9 0 15.7 6.8 15.7 15.7 0 8.9-6.8 15.7-15.7 15.7h-63.7L291 383c-2.6 5.2-8.4 8.3-14.1 8.3z\" fill=\"#006ad1\" data-color=\"1\"><\/path><\/strong><div id=\"comp-lzmtkpca4\" class=\"HcOXKn c9GqVL QxJLC3 lq2cno comp-lzmtkpca4 wixui-rich-text\" data-testid=\"richTextElement\" style=\"background: transparent; border: 0px; margin: 0px; padding: 0px; vertical-align: baseline; text-size-adjust: 100%; direction: var(--text-direction); min-height: 0px; min-width: 0px; mix-blend-mode: var(--blendMode,normal); overflow-wrap: break-word; pointer-events: none; text-align: start; text-shadow: var(--textOutline,0 0 transparent),var(--textShadow,0 0 transparent); --l_display: unset; height: auto; width: 1140.41px; max-width: 99999px; max-height: 99999px; --comp-display: unset; display: var(--l_display,var(--display)); align-self: center; order: 3; position: relative; --blendMode: normal; --textShadow: 0px 0px transparent; --textOutline: 0px 0px transparent; --textDecoration: none; --textAlign: center; --fontSize: 19.734spx; --static-spx: 0.1 * var(--one-unit); font-family: Arial, Helvetica, sans-serif; font-size: 10px; font-weight: 400; white-space-collapse: collapse;\"><\/div><\/h1>\n\n\n\n<div class=\"d-flex justify-content-center mt-3 mb-3\" style=\"height: 3vh;\">\n    <svg preserveAspectRatio=\"xMidYMid meet\" width=\"25\" height=\"25\" viewBox=\"0 52.749 444 338.551\" xmlns=\"http:\/\/www.w3.org\/2000\/svg\" role=\"presentation\" aria-hidden=\"true\" aria-label=\"\">\n        <g>\n            <path d=\"M276.9 391.3h-1c-6.3-.5-11.5-4.7-13.6-10.4l-97.7-272.7L103 229.4c-2.6 5.2-7.8 8.4-14.1 8.4H15.7C6.8 237.7 0 231 0 222.1s6.8-15.7 15.7-15.7h63.7l74.2-145.2c2.6-5.7 8.9-8.9 15.2-8.4s11.5 4.7 13.6 10.4L279.5 336l61.6-121.2c2.6-5.2 7.8-8.4 14.1-8.4h73.1c8.9 0 15.7 6.8 15.7 15.7 0 8.9-6.8 15.7-15.7 15.7h-63.7L291 383c-2.6 5.2-8.4 8.3-14.1 8.3z\" fill=\"#006ad1\"><\/path>\n        <\/g>\n    <\/svg>\n<\/div>\n\n\n\n<p class=\"has-text-align-center has-black-color has-text-color has-link-color wp-elements-1f588e289441d1dfd975aaf67dde845a\" style=\"font-size:21px\">\u201cLa m\u00e9decine est ma vie, la sant\u00e9 est ma passion\u201d<br><a href=\"https:\/\/otorinoticino.ch\/fr\/dr-tomath-roth\/\"><mark style=\"background-color:rgba(0, 0, 0, 0);color:#006ad1\" class=\"has-inline-color\">Dr Roth, Thomas<\/mark><\/a><\/p>\n\n\n\n<p>Nous vous traitons non seulement selon les derni\u00e8res directives, mais surtout dans une perspective holistique. Cela signifie que nous ne nous contentons pas de traiter les sympt\u00f4mes, mais que nous recherchons les raisons qui les provoquent ou du moins y contribuent. Le traitement ax\u00e9 sur la cause est particuli\u00e8rement adapt\u00e9 aux troubles chroniques ou r\u00e9currents. Si l&rsquo;on ne traite que les sympt\u00f4mes, on risque de tomber dans un cercle vicieux. Des mesures cibl\u00e9es permettent de le briser et d&rsquo;\u00e9tablir un concept th\u00e9rapeutique pour am\u00e9liorer la condition physique.<br>En tant que coach holistique certifi\u00e9 (selon le Prof. Spitz,&nbsp;<a href=\"https:\/\/spitzen-praevention.com\/\" target=\"_blank\" rel=\"noreferrer noopener\">Akademie f\u00fcr menschliche Medizin<\/a>) et expert en m\u00e9decine du stress, le Dr Roth vous donne des conseils ax\u00e9s sur la sant\u00e9 et vous aide \u00e0 renforcer votre syst\u00e8me immunitaire ou \u00e0 augmenter votre vitalit\u00e9.<br>Diff\u00e9rents th\u00e8mes tels que l&rsquo;alimentation, les substances vitales, l&rsquo;exercice physique, l&rsquo;hygi\u00e8ne du sommeil, ainsi que les aspects psycho-mentaux et la gestion du stress seront abord\u00e9s.<br>Vous souhaitez modifier votre alimentation ou perdre quelques kilos ? Vous envisagez de prendre des compl\u00e9ments alimentaires ou des micronutriments et vous avez besoin d&rsquo;informations approfondies ? Vous souhaitez une analyse cibl\u00e9e et valid\u00e9e des intol\u00e9rances alimentaires ? Vous souffrez de troubles du sommeil, de fatigue chronique ou de difficult\u00e9s de concentration ? Vous risquez de succomber au stress chronique ou vous craignez d&rsquo;\u00eatre au bord du burn-out ?<br>Nous vous recommandons de remplir un&nbsp;<a href=\"https:\/\/amm.survey.spitzen-praevention.com\/surveys\/ganzheitlicher-gesundheitscoach\/?access-code=2023ggc-amm-Xjs8W2-56sA3\" target=\"_blank\" rel=\"noreferrer noopener\">questionnaire<\/a>&nbsp;en ligne gratuit de l&rsquo;Acad\u00e9mie de m\u00e9decine humaine (pour l&rsquo;instant uniquement disponible en allemand), qui vous donne une indication de votre \u00e9tat de sant\u00e9 g\u00e9n\u00e9ral et permet d&rsquo;identifier vos points faibles. Il constitue une excellente base pour un entretien ax\u00e9 sur la sant\u00e9.<br>Sur notre site web, vous pouvez t\u00e9l\u00e9charger des fiches d&rsquo;information gratuites sur diff\u00e9rents sujets, qui visent \u00e0 sensibiliser nos patients et clients \u00e0 des aspects importants de la pr\u00e9vention et \u00e0 les motiver \u00e0 prendre leur sant\u00e9 en main.<br>Si vous \u00eates int\u00e9ress\u00e9 par des soins de sant\u00e9 personnalis\u00e9s, veuillez nous contacter directement:&nbsp;<a href=\"mailto:vitalita@bluewin.ch\">vitalita@bluewin.ch<\/a><\/p>\n\n\n\n<p><mark style=\"background-color:rgba(0, 0, 0, 0);color:#2f2b36\" class=\"has-inline-color\">Honoraires<\/mark><br>Si la consultation ne fait pas partie de l&rsquo;examen m\u00e9dical sp\u00e9cialis\u00e9 ou d\u00e9passe le cadre de l&rsquo;examen, les honoraires seront factur\u00e9s s\u00e9par\u00e9ment, apr\u00e8s information et accord pr\u00e9alables. Les \u00e9ventuels pr\u00e9l\u00e8vements et examens seront \u00e9valu\u00e9s en fonction du tableau clinique et seront payables au laboratoire concern\u00e9.<br>Pour les clients de notre boutique en ligne, les conseils en mati\u00e8re de nutrition, de cures et de compl\u00e9ments alimentaires sont gratuits.<br>En outre, nous proposons des conf\u00e9rences vid\u00e9o en ligne gratuites sur diff\u00e9rents th\u00e8mes de sant\u00e9 et de pr\u00e9vention..<\/p>\n\n\n\n<p><mark style=\"background-color:rgba(0, 0, 0, 0);color:#2f2b36\" class=\"has-inline-color\">Conf\u00e9rences en ligne via Zoom<\/mark><br>Prochaine vid\u00e9oconf\u00e9rence:<br>Si aucune date n&rsquo;est affich\u00e9e, veuillez contacter directement le secr\u00e9tariat d&rsquo;\u00ab Otorino Ticino \u00bb.<\/p>\n\n\n\n<p>Lien vers le portail en ligne:&nbsp;<a href=\"https:\/\/us06web.zoom.us\/j\/7730818788?pwd=bE1ZTzBIandzY21Ndm9WSWlkMWNYdz09\" target=\"_blank\" rel=\"noreferrer noopener\">Zoom<\/a><br>Veuillez vous connecter 5 minutes plus t\u00f4t<\/p>\n\n<\/div>","protected":false},"excerpt":{"rendered":"<p>SANT\u00c9 HOLISTIQUE INT\u00c9GRATIVE \u201cLa m\u00e9decine est ma vie, la sant\u00e9 est ma passion\u201dDr Roth, Thomas Nous vous traitons non seulement selon les derni\u00e8res directives, mais surtout dans une perspective holistique. Cela signifie que nous ne nous contentons pas de traiter les sympt\u00f4mes, mais que nous recherchons les raisons qui les provoquent ou du moins y [&hellip;]<\/p>\n","protected":false},"author":1,"featured_media":0,"parent":0,"menu_order":0,"comment_status":"closed","ping_status":"closed","template":"content-template.php","meta":{"_acf_changed":false,"footnotes":""},"class_list":["post-581","page","type-page","status-publish","hentry"],"acf":[],"yoast_head":"<!-- This site is optimized with the Yoast SEO plugin v27.1.1 - https:\/\/yoast.com\/product\/yoast-seo-wordpress\/ -->\n<title>Sant\u00e9 holistique int\u00e9grative | Studio Otorino Ticino<\/title>\n<meta name=\"robots\" content=\"index, follow, max-snippet:-1, max-image-preview:large, max-video-preview:-1\" \/>\n<link rel=\"canonical\" href=\"https:\/\/otorinoticino.ch\/fr\/integrative-holistic-health\/\" \/>\n<meta property=\"og:locale\" content=\"fr_FR\" \/>\n<meta property=\"og:type\" content=\"article\" \/>\n<meta property=\"og:title\" content=\"Sant\u00e9 holistique int\u00e9grative | Studio Otorino Ticino\" \/>\n<meta property=\"og:description\" content=\"SANT\u00c9 HOLISTIQUE INT\u00c9GRATIVE \u201cLa m\u00e9decine est ma vie, la sant\u00e9 est ma passion\u201dDr Roth, Thomas Nous vous traitons non seulement selon les derni\u00e8res directives, mais surtout dans une perspective holistique. Cela signifie que nous ne nous contentons pas de traiter les sympt\u00f4mes, mais que nous recherchons les raisons qui les provoquent ou du moins y [&hellip;]\" \/>\n<meta property=\"og:url\" content=\"https:\/\/otorinoticino.ch\/fr\/integrative-holistic-health\/\" \/>\n<meta property=\"og:site_name\" content=\"Studio OTORINO Ticino\" \/>\n<meta property=\"article:modified_time\" content=\"2024-10-17T05:11:51+00:00\" \/>\n<meta name=\"twitter:card\" content=\"summary_large_image\" \/>\n<meta name=\"twitter:label1\" content=\"Dur\u00e9e de lecture estim\u00e9e\" \/>\n\t<meta name=\"twitter:data1\" content=\"3 minutes\" \/>\n<script type=\"application\/ld+json\" class=\"yoast-schema-graph\">{\"@context\":\"https:\/\/schema.org\",\"@graph\":[{\"@type\":\"WebPage\",\"@id\":\"https:\/\/otorinoticino.ch\/fr\/integrative-holistic-health\/\",\"url\":\"https:\/\/otorinoticino.ch\/fr\/integrative-holistic-health\/\",\"name\":\"Sant\u00e9 holistique int\u00e9grative | Studio Otorino Ticino\",\"isPartOf\":{\"@id\":\"https:\/\/otorinoticino.ch\/fr\/#website\"},\"datePublished\":\"2024-10-06T15:41:01+00:00\",\"dateModified\":\"2024-10-17T05:11:51+00:00\",\"breadcrumb\":{\"@id\":\"https:\/\/otorinoticino.ch\/fr\/integrative-holistic-health\/#breadcrumb\"},\"inLanguage\":\"fr-FR\",\"potentialAction\":[{\"@type\":\"ReadAction\",\"target\":[\"https:\/\/otorinoticino.ch\/fr\/integrative-holistic-health\/\"]}]},{\"@type\":\"BreadcrumbList\",\"@id\":\"https:\/\/otorinoticino.ch\/fr\/integrative-holistic-health\/#breadcrumb\",\"itemListElement\":[{\"@type\":\"ListItem\",\"position\":1,\"name\":\"Home\",\"item\":\"https:\/\/otorinoticino.ch\/fr\/\"},{\"@type\":\"ListItem\",\"position\":2,\"name\":\"Sant\u00e9 holistique int\u00e9grative\"}]},{\"@type\":\"WebSite\",\"@id\":\"https:\/\/otorinoticino.ch\/fr\/#website\",\"url\":\"https:\/\/otorinoticino.ch\/fr\/\",\"name\":\"Studio OTORINO Ticino\",\"description\":\"\",\"publisher\":{\"@id\":\"https:\/\/otorinoticino.ch\/fr\/#organization\"},\"potentialAction\":[{\"@type\":\"SearchAction\",\"target\":{\"@type\":\"EntryPoint\",\"urlTemplate\":\"https:\/\/otorinoticino.ch\/fr\/?s={search_term_string}\"},\"query-input\":{\"@type\":\"PropertyValueSpecification\",\"valueRequired\":true,\"valueName\":\"search_term_string\"}}],\"inLanguage\":\"fr-FR\"},{\"@type\":\"Organization\",\"@id\":\"https:\/\/otorinoticino.ch\/fr\/#organization\",\"name\":\"Studio OTORINO Ticino\",\"url\":\"https:\/\/otorinoticino.ch\/fr\/\",\"logo\":{\"@type\":\"ImageObject\",\"inLanguage\":\"fr-FR\",\"@id\":\"https:\/\/otorinoticino.ch\/fr\/#\/schema\/logo\/image\/\",\"url\":\"https:\/\/otorinoticino.ch\/wp-content\/uploads\/2024\/10\/cropped-logo.png\",\"contentUrl\":\"https:\/\/otorinoticino.ch\/wp-content\/uploads\/2024\/10\/cropped-logo.png\",\"width\":522,\"height\":278,\"caption\":\"Studio OTORINO Ticino\"},\"image\":{\"@id\":\"https:\/\/otorinoticino.ch\/fr\/#\/schema\/logo\/image\/\"}}]}<\/script>\n<!-- \/ Yoast SEO plugin. -->","yoast_head_json":{"title":"Sant\u00e9 holistique int\u00e9grative | Studio Otorino Ticino","robots":{"index":"index","follow":"follow","max-snippet":"max-snippet:-1","max-image-preview":"max-image-preview:large","max-video-preview":"max-video-preview:-1"},"canonical":"https:\/\/otorinoticino.ch\/fr\/integrative-holistic-health\/","og_locale":"fr_FR","og_type":"article","og_title":"Sant\u00e9 holistique int\u00e9grative | Studio Otorino Ticino","og_description":"SANT\u00c9 HOLISTIQUE INT\u00c9GRATIVE \u201cLa m\u00e9decine est ma vie, la sant\u00e9 est ma passion\u201dDr Roth, Thomas Nous vous traitons non seulement selon les derni\u00e8res directives, mais surtout dans une perspective holistique. Cela signifie que nous ne nous contentons pas de traiter les sympt\u00f4mes, mais que nous recherchons les raisons qui les provoquent ou du moins y [&hellip;]","og_url":"https:\/\/otorinoticino.ch\/fr\/integrative-holistic-health\/","og_site_name":"Studio OTORINO Ticino","article_modified_time":"2024-10-17T05:11:51+00:00","twitter_card":"summary_large_image","twitter_misc":{"Dur\u00e9e de lecture estim\u00e9e":"3 minutes"},"schema":{"@context":"https:\/\/schema.org","@graph":[{"@type":"WebPage","@id":"https:\/\/otorinoticino.ch\/fr\/integrative-holistic-health\/","url":"https:\/\/otorinoticino.ch\/fr\/integrative-holistic-health\/","name":"Sant\u00e9 holistique int\u00e9grative | Studio Otorino Ticino","isPartOf":{"@id":"https:\/\/otorinoticino.ch\/fr\/#website"},"datePublished":"2024-10-06T15:41:01+00:00","dateModified":"2024-10-17T05:11:51+00:00","breadcrumb":{"@id":"https:\/\/otorinoticino.ch\/fr\/integrative-holistic-health\/#breadcrumb"},"inLanguage":"fr-FR","potentialAction":[{"@type":"ReadAction","target":["https:\/\/otorinoticino.ch\/fr\/integrative-holistic-health\/"]}]},{"@type":"BreadcrumbList","@id":"https:\/\/otorinoticino.ch\/fr\/integrative-holistic-health\/#breadcrumb","itemListElement":[{"@type":"ListItem","position":1,"name":"Home","item":"https:\/\/otorinoticino.ch\/fr\/"},{"@type":"ListItem","position":2,"name":"Sant\u00e9 holistique int\u00e9grative"}]},{"@type":"WebSite","@id":"https:\/\/otorinoticino.ch\/fr\/#website","url":"https:\/\/otorinoticino.ch\/fr\/","name":"Studio OTORINO Ticino","description":"","publisher":{"@id":"https:\/\/otorinoticino.ch\/fr\/#organization"},"potentialAction":[{"@type":"SearchAction","target":{"@type":"EntryPoint","urlTemplate":"https:\/\/otorinoticino.ch\/fr\/?s={search_term_string}"},"query-input":{"@type":"PropertyValueSpecification","valueRequired":true,"valueName":"search_term_string"}}],"inLanguage":"fr-FR"},{"@type":"Organization","@id":"https:\/\/otorinoticino.ch\/fr\/#organization","name":"Studio OTORINO Ticino","url":"https:\/\/otorinoticino.ch\/fr\/","logo":{"@type":"ImageObject","inLanguage":"fr-FR","@id":"https:\/\/otorinoticino.ch\/fr\/#\/schema\/logo\/image\/","url":"https:\/\/otorinoticino.ch\/wp-content\/uploads\/2024\/10\/cropped-logo.png","contentUrl":"https:\/\/otorinoticino.ch\/wp-content\/uploads\/2024\/10\/cropped-logo.png","width":522,"height":278,"caption":"Studio OTORINO Ticino"},"image":{"@id":"https:\/\/otorinoticino.ch\/fr\/#\/schema\/logo\/image\/"}}]}},"_links":{"self":[{"href":"https:\/\/otorinoticino.ch\/fr\/wp-json\/wp\/v2\/pages\/581","targetHints":{"allow":["GET"]}}],"collection":[{"href":"https:\/\/otorinoticino.ch\/fr\/wp-json\/wp\/v2\/pages"}],"about":[{"href":"https:\/\/otorinoticino.ch\/fr\/wp-json\/wp\/v2\/types\/page"}],"author":[{"embeddable":true,"href":"https:\/\/otorinoticino.ch\/fr\/wp-json\/wp\/v2\/users\/1"}],"replies":[{"embeddable":true,"href":"https:\/\/otorinoticino.ch\/fr\/wp-json\/wp\/v2\/comments?post=581"}],"version-history":[{"count":2,"href":"https:\/\/otorinoticino.ch\/fr\/wp-json\/wp\/v2\/pages\/581\/revisions"}],"predecessor-version":[{"id":1142,"href":"https:\/\/otorinoticino.ch\/fr\/wp-json\/wp\/v2\/pages\/581\/revisions\/1142"}],"wp:attachment":[{"href":"https:\/\/otorinoticino.ch\/fr\/wp-json\/wp\/v2\/media?parent=581"}],"curies":[{"name":"wp","href":"https:\/\/api.w.org\/{rel}","templated":true}]}}