{"id":579,"date":"2024-10-06T15:41:01","date_gmt":"2024-10-06T15:41:01","guid":{"rendered":"http:\/\/dev.otorinoticino.ch\/?page_id=579"},"modified":"2024-10-17T05:12:02","modified_gmt":"2024-10-17T05:12:02","slug":"integrative-holistic-health","status":"publish","type":"page","link":"https:\/\/otorinoticino.ch\/de\/integrative-holistic-health\/","title":{"rendered":"Integrative holistische Gesundheit"},"content":{"rendered":"<div class=\"gb-container gb-container-91a56c38\">\n\n<h1 class=\"gb-headline gb-headline-845b527a gb-headline-text\"><strong>INTEGRATIVE HOLISTISCHE GESUNDHEIT<path d=\"M276.9 391.3h-1c-6.3-.5-11.5-4.7-13.6-10.4l-97.7-272.7L103 229.4c-2.6 5.2-7.8 8.4-14.1 8.4H15.7C6.8 237.7 0 231 0 222.1s6.8-15.7 15.7-15.7h63.7l74.2-145.2c2.6-5.7 8.9-8.9 15.2-8.4s11.5 4.7 13.6 10.4L279.5 336l61.6-121.2c2.6-5.2 7.8-8.4 14.1-8.4h73.1c8.9 0 15.7 6.8 15.7 15.7 0 8.9-6.8 15.7-15.7 15.7h-63.7L291 383c-2.6 5.2-8.4 8.3-14.1 8.3z\" fill=\"#006ad1\" data-color=\"1\"><\/path><\/strong><div id=\"comp-lzmtkpca4\" class=\"HcOXKn c9GqVL QxJLC3 lq2cno comp-lzmtkpca4 wixui-rich-text\" data-testid=\"richTextElement\" style=\"background: transparent; border: 0px; margin: 0px; padding: 0px; vertical-align: baseline; text-size-adjust: 100%; direction: var(--text-direction); min-height: 0px; min-width: 0px; mix-blend-mode: var(--blendMode,normal); overflow-wrap: break-word; pointer-events: none; text-align: start; text-shadow: var(--textOutline,0 0 transparent),var(--textShadow,0 0 transparent); --l_display: unset; height: auto; width: 1140.41px; max-width: 99999px; max-height: 99999px; --comp-display: unset; display: var(--l_display,var(--display)); align-self: center; order: 3; position: relative; --blendMode: normal; --textShadow: 0px 0px transparent; --textOutline: 0px 0px transparent; --textDecoration: none; --textAlign: center; --fontSize: 19.734spx; --static-spx: 0.1 * var(--one-unit); font-family: Arial, Helvetica, sans-serif; font-size: 10px; font-weight: 400; white-space-collapse: collapse;\"><\/div><\/h1>\n\n\n\n<div class=\"d-flex justify-content-center mt-3 mb-3\" style=\"height: 3vh;\">\n    <svg preserveAspectRatio=\"xMidYMid meet\" width=\"25\" height=\"25\" viewBox=\"0 52.749 444 338.551\" xmlns=\"http:\/\/www.w3.org\/2000\/svg\" role=\"presentation\" aria-hidden=\"true\" aria-label=\"\">\n        <g>\n            <path d=\"M276.9 391.3h-1c-6.3-.5-11.5-4.7-13.6-10.4l-97.7-272.7L103 229.4c-2.6 5.2-7.8 8.4-14.1 8.4H15.7C6.8 237.7 0 231 0 222.1s6.8-15.7 15.7-15.7h63.7l74.2-145.2c2.6-5.7 8.9-8.9 15.2-8.4s11.5 4.7 13.6 10.4L279.5 336l61.6-121.2c2.6-5.2 7.8-8.4 14.1-8.4h73.1c8.9 0 15.7 6.8 15.7 15.7 0 8.9-6.8 15.7-15.7 15.7h-63.7L291 383c-2.6 5.2-8.4 8.3-14.1 8.3z\" fill=\"#006ad1\"><\/path>\n        <\/g>\n    <\/svg>\n<\/div>\n\n\n\n<p class=\"has-text-align-center has-black-color has-text-color has-link-color wp-elements-40935267d11bb20edd6265b8eb76ad10\" style=\"font-size:21px\">\u200b\u201cDie Medizin ist mein Leben, die Gesundheit meine Leidenschaft\u201d<br><a href=\"https:\/\/otorinoticino.ch\/de\/dr-tomath-roth\/\"><mark style=\"background-color:rgba(0, 0, 0, 0);color:#006ad1\" class=\"has-inline-color\">Dr Roth, Thomas<\/mark><\/a><\/p>\n\n\n\n<p>Wir behandeln Sie nicht nur nach den neusten Leitlinien, sondern vor allem aus einem ganzheitlichen Blickwinkel. Das heisst, es werden nicht nur Symptome behandelt, sondern vielmehr auch nach Gr\u00fcnden gesucht, die die Beschwerden verursachen oder zumindest mitbeeinflussen. Insbesondere bei chronischen oder wiederholten Beschwerden ist eine ursachenorientierte Behandlung empfehlenswert. Wird nur das Symptom behandelt, riskiert man im weiteren Verlauf in einen Teufelskreis zu geraten; dem kann jedoch mit gezielten Massnahmen erfolgreich entgegengewirkt werden.<br>Als zertifizierter ganzheitlicher Gesundheits-Coach (nach Prof. Spitz,&nbsp;<a href=\"https:\/\/spitzen-praevention.com\/\" target=\"_blank\" rel=\"noreferrer noopener\">Akademie f\u00fcr menschliche Medizin<\/a>) und als Stressmediziner gibt Ihnen Dr Roth gesundheitsorientierte Empfehlungen oder hilft Ihnen Ihr Immunsystem zu st\u00e4rken oder Ihre Vitalit\u00e4t zu steigern.<br>Dabei kommen verschiedene Themenbereiche, wie Ern\u00e4hrung, Vitalstoffe, Bewegung, Schlafhygiene, sowie auch psycho-mentale Aspekte und das Stressmanagement zur Sprache. M\u00f6chten Sie Ihre Ern\u00e4hrung anpassen oder vielleicht sogar ein paar Kilos abnehmen? Interessieren sich f\u00fcr Nahrungserg\u00e4nzungen und Mikron\u00e4hrstoffe? W\u00fcnschen Sie eine gezielte und validierte Analyse \u00fcber Nahrungsmittelunvertr\u00e4glichkeiten? Leiden Sie unter Schlafst\u00f6rungen, chronischer M\u00fcdigkeit oder Konzentrationsschw\u00e4che? K\u00f6nnte ein m\u00f6gliches Burnout aufgrund chronischer Stressbelastung ein Thema sein?<br>Wir empfehlen das Ausf\u00fcllen eines kostenlosen&nbsp;<a href=\"https:\/\/amm.survey.spitzen-praevention.com\/surveys\/ganzheitlicher-gesundheitscoach\/?access-code=2023ggc-amm-Xjs8W2-56sA3\" target=\"_blank\" rel=\"noreferrer noopener\">online-Fragebogen<\/a>&nbsp;der Akademie f\u00fcr menschliche Medizin (aktuell leider nur auf deutsch), der einen Anhaltspunkt \u00fcber Ihren allgemeinen Gesundheitszustand gibt und m\u00f6gliche Schwachstellen aufzeichnen kann. Dieser bietet eine sehr gute Basis f\u00fcr ein gesundheitsorientiertes Gespr\u00e4ch.<br>Auf unserer Internetseite finden Sie Informationsbl\u00e4tter zu einigen Themen zum freien Download; diese sollen unsere Patienten und Klienten \u00fcber wichtige Aspekte der Pr\u00e4vention sensibilisieren und sie motivieren, ihre Gesundheit selbst in die Hand zu nehmen.<br>Wenn Sie Interesse an einer pers\u00f6nlichen Gesundheitsbetreuung haben, freuen wir uns \u00fcber eine direkte Kontaktaufnahme Ihrerseits:&nbsp;<a href=\"mailto:vitalita@bluewin.ch\">vitalita@bluewin.ch<\/a><\/p>\n\n\n\n<p><mark style=\"background-color:rgba(0, 0, 0, 0);color:#2f2b36\" class=\"has-inline-color\">Kosten<\/mark><br>Sofern die Beratung nicht Teil der fach\u00e4rztlichen Konsultation ist oder \u00fcber deren Rahmen hinausgeht, wird \u2013 nach vorg\u00e4ngiger Information und Absprach \u2013 das entsprechende Honorar separat in Rechnung gestellt.<br>F\u00fcr Kunden unseres online-shop ist die Beratung zu Fragen \u00fcber Ern\u00e4hrung, Kuren und Nahrungserg\u00e4nzungsmittel kostenlos.<br>Zudem finden in gewissen Abst\u00e4nden kostenlose online-Seminare zu verschiedenen Gesundheitsthemen und Pr\u00e4vention statt.<\/p>\n\n\n\n<p><mark style=\"background-color:rgba(0, 0, 0, 0);color:#2f2b36\" class=\"has-inline-color\">Online Seminare via Zoom<\/mark><br>N\u00e4chstes Seminar:<br>Falls kein Datum angezeigt wird, wenden Sie sich bitte direkt an das Sekretariat \u00abOtorino Ticino\u00bb<\/p>\n\n\n\n<p>Link zum online-Portal:&nbsp;<a href=\"https:\/\/us06web.zoom.us\/j\/7730818788?pwd=bE1ZTzBIandzY21Ndm9WSWlkMWNYdz09\">Zoom<\/a><br>Bitte 5 Minuten vorher einloggen<\/p>\n\n<\/div>","protected":false},"excerpt":{"rendered":"<p>INTEGRATIVE HOLISTISCHE GESUNDHEIT \u200b\u201cDie Medizin ist mein Leben, die Gesundheit meine Leidenschaft\u201dDr Roth, Thomas Wir behandeln Sie nicht nur nach den neusten Leitlinien, sondern vor allem aus einem ganzheitlichen Blickwinkel. Das heisst, es werden nicht nur Symptome behandelt, sondern vielmehr auch nach Gr\u00fcnden gesucht, die die Beschwerden verursachen oder zumindest mitbeeinflussen. Insbesondere bei chronischen oder [&hellip;]<\/p>\n","protected":false},"author":1,"featured_media":0,"parent":0,"menu_order":0,"comment_status":"closed","ping_status":"closed","template":"content-template.php","meta":{"_acf_changed":false,"footnotes":""},"class_list":["post-579","page","type-page","status-publish","hentry"],"acf":[],"yoast_head":"<!-- This site is optimized with the Yoast SEO plugin v27.1.1 - https:\/\/yoast.com\/product\/yoast-seo-wordpress\/ -->\n<title>Integrative Ganzheitliche Gesundheit | Studio Otorino Ticino<\/title>\n<meta name=\"robots\" content=\"index, follow, max-snippet:-1, max-image-preview:large, max-video-preview:-1\" \/>\n<link rel=\"canonical\" href=\"https:\/\/otorinoticino.ch\/de\/integrative-holistic-health\/\" \/>\n<meta property=\"og:locale\" content=\"de_DE\" \/>\n<meta property=\"og:type\" content=\"article\" \/>\n<meta property=\"og:title\" content=\"Integrative Ganzheitliche Gesundheit | Studio Otorino Ticino\" \/>\n<meta property=\"og:description\" content=\"INTEGRATIVE HOLISTISCHE GESUNDHEIT \u200b\u201cDie Medizin ist mein Leben, die Gesundheit meine Leidenschaft\u201dDr Roth, Thomas Wir behandeln Sie nicht nur nach den neusten Leitlinien, sondern vor allem aus einem ganzheitlichen Blickwinkel. Das heisst, es werden nicht nur Symptome behandelt, sondern vielmehr auch nach Gr\u00fcnden gesucht, die die Beschwerden verursachen oder zumindest mitbeeinflussen. Insbesondere bei chronischen oder [&hellip;]\" \/>\n<meta property=\"og:url\" content=\"https:\/\/otorinoticino.ch\/de\/integrative-holistic-health\/\" \/>\n<meta property=\"og:site_name\" content=\"Studio OTORINO Ticino\" \/>\n<meta property=\"article:modified_time\" content=\"2024-10-17T05:12:02+00:00\" \/>\n<meta name=\"twitter:card\" content=\"summary_large_image\" \/>\n<meta name=\"twitter:label1\" content=\"Gesch\u00e4tzte Lesezeit\" \/>\n\t<meta name=\"twitter:data1\" content=\"2\u00a0Minuten\" \/>\n<script type=\"application\/ld+json\" class=\"yoast-schema-graph\">{\"@context\":\"https:\/\/schema.org\",\"@graph\":[{\"@type\":\"WebPage\",\"@id\":\"https:\/\/otorinoticino.ch\/de\/integrative-holistic-health\/\",\"url\":\"https:\/\/otorinoticino.ch\/de\/integrative-holistic-health\/\",\"name\":\"Integrative Ganzheitliche Gesundheit | Studio Otorino Ticino\",\"isPartOf\":{\"@id\":\"https:\/\/otorinoticino.ch\/de\/#website\"},\"datePublished\":\"2024-10-06T15:41:01+00:00\",\"dateModified\":\"2024-10-17T05:12:02+00:00\",\"breadcrumb\":{\"@id\":\"https:\/\/otorinoticino.ch\/de\/integrative-holistic-health\/#breadcrumb\"},\"inLanguage\":\"de\",\"potentialAction\":[{\"@type\":\"ReadAction\",\"target\":[\"https:\/\/otorinoticino.ch\/de\/integrative-holistic-health\/\"]}]},{\"@type\":\"BreadcrumbList\",\"@id\":\"https:\/\/otorinoticino.ch\/de\/integrative-holistic-health\/#breadcrumb\",\"itemListElement\":[{\"@type\":\"ListItem\",\"position\":1,\"name\":\"Home\",\"item\":\"https:\/\/otorinoticino.ch\/de\/\"},{\"@type\":\"ListItem\",\"position\":2,\"name\":\"Integrative holistische Gesundheit\"}]},{\"@type\":\"WebSite\",\"@id\":\"https:\/\/otorinoticino.ch\/de\/#website\",\"url\":\"https:\/\/otorinoticino.ch\/de\/\",\"name\":\"Studio OTORINO Ticino\",\"description\":\"\",\"publisher\":{\"@id\":\"https:\/\/otorinoticino.ch\/de\/#organization\"},\"potentialAction\":[{\"@type\":\"SearchAction\",\"target\":{\"@type\":\"EntryPoint\",\"urlTemplate\":\"https:\/\/otorinoticino.ch\/de\/?s={search_term_string}\"},\"query-input\":{\"@type\":\"PropertyValueSpecification\",\"valueRequired\":true,\"valueName\":\"search_term_string\"}}],\"inLanguage\":\"de\"},{\"@type\":\"Organization\",\"@id\":\"https:\/\/otorinoticino.ch\/de\/#organization\",\"name\":\"Studio OTORINO Ticino\",\"url\":\"https:\/\/otorinoticino.ch\/de\/\",\"logo\":{\"@type\":\"ImageObject\",\"inLanguage\":\"de\",\"@id\":\"https:\/\/otorinoticino.ch\/de\/#\/schema\/logo\/image\/\",\"url\":\"https:\/\/otorinoticino.ch\/wp-content\/uploads\/2024\/10\/cropped-logo.png\",\"contentUrl\":\"https:\/\/otorinoticino.ch\/wp-content\/uploads\/2024\/10\/cropped-logo.png\",\"width\":522,\"height\":278,\"caption\":\"Studio OTORINO Ticino\"},\"image\":{\"@id\":\"https:\/\/otorinoticino.ch\/de\/#\/schema\/logo\/image\/\"}}]}<\/script>\n<!-- \/ Yoast SEO plugin. -->","yoast_head_json":{"title":"Integrative Ganzheitliche Gesundheit | Studio Otorino Ticino","robots":{"index":"index","follow":"follow","max-snippet":"max-snippet:-1","max-image-preview":"max-image-preview:large","max-video-preview":"max-video-preview:-1"},"canonical":"https:\/\/otorinoticino.ch\/de\/integrative-holistic-health\/","og_locale":"de_DE","og_type":"article","og_title":"Integrative Ganzheitliche Gesundheit | Studio Otorino Ticino","og_description":"INTEGRATIVE HOLISTISCHE GESUNDHEIT \u200b\u201cDie Medizin ist mein Leben, die Gesundheit meine Leidenschaft\u201dDr Roth, Thomas Wir behandeln Sie nicht nur nach den neusten Leitlinien, sondern vor allem aus einem ganzheitlichen Blickwinkel. Das heisst, es werden nicht nur Symptome behandelt, sondern vielmehr auch nach Gr\u00fcnden gesucht, die die Beschwerden verursachen oder zumindest mitbeeinflussen. Insbesondere bei chronischen oder [&hellip;]","og_url":"https:\/\/otorinoticino.ch\/de\/integrative-holistic-health\/","og_site_name":"Studio OTORINO Ticino","article_modified_time":"2024-10-17T05:12:02+00:00","twitter_card":"summary_large_image","twitter_misc":{"Gesch\u00e4tzte Lesezeit":"2\u00a0Minuten"},"schema":{"@context":"https:\/\/schema.org","@graph":[{"@type":"WebPage","@id":"https:\/\/otorinoticino.ch\/de\/integrative-holistic-health\/","url":"https:\/\/otorinoticino.ch\/de\/integrative-holistic-health\/","name":"Integrative Ganzheitliche Gesundheit | Studio Otorino Ticino","isPartOf":{"@id":"https:\/\/otorinoticino.ch\/de\/#website"},"datePublished":"2024-10-06T15:41:01+00:00","dateModified":"2024-10-17T05:12:02+00:00","breadcrumb":{"@id":"https:\/\/otorinoticino.ch\/de\/integrative-holistic-health\/#breadcrumb"},"inLanguage":"de","potentialAction":[{"@type":"ReadAction","target":["https:\/\/otorinoticino.ch\/de\/integrative-holistic-health\/"]}]},{"@type":"BreadcrumbList","@id":"https:\/\/otorinoticino.ch\/de\/integrative-holistic-health\/#breadcrumb","itemListElement":[{"@type":"ListItem","position":1,"name":"Home","item":"https:\/\/otorinoticino.ch\/de\/"},{"@type":"ListItem","position":2,"name":"Integrative holistische Gesundheit"}]},{"@type":"WebSite","@id":"https:\/\/otorinoticino.ch\/de\/#website","url":"https:\/\/otorinoticino.ch\/de\/","name":"Studio OTORINO Ticino","description":"","publisher":{"@id":"https:\/\/otorinoticino.ch\/de\/#organization"},"potentialAction":[{"@type":"SearchAction","target":{"@type":"EntryPoint","urlTemplate":"https:\/\/otorinoticino.ch\/de\/?s={search_term_string}"},"query-input":{"@type":"PropertyValueSpecification","valueRequired":true,"valueName":"search_term_string"}}],"inLanguage":"de"},{"@type":"Organization","@id":"https:\/\/otorinoticino.ch\/de\/#organization","name":"Studio OTORINO Ticino","url":"https:\/\/otorinoticino.ch\/de\/","logo":{"@type":"ImageObject","inLanguage":"de","@id":"https:\/\/otorinoticino.ch\/de\/#\/schema\/logo\/image\/","url":"https:\/\/otorinoticino.ch\/wp-content\/uploads\/2024\/10\/cropped-logo.png","contentUrl":"https:\/\/otorinoticino.ch\/wp-content\/uploads\/2024\/10\/cropped-logo.png","width":522,"height":278,"caption":"Studio OTORINO Ticino"},"image":{"@id":"https:\/\/otorinoticino.ch\/de\/#\/schema\/logo\/image\/"}}]}},"_links":{"self":[{"href":"https:\/\/otorinoticino.ch\/de\/wp-json\/wp\/v2\/pages\/579","targetHints":{"allow":["GET"]}}],"collection":[{"href":"https:\/\/otorinoticino.ch\/de\/wp-json\/wp\/v2\/pages"}],"about":[{"href":"https:\/\/otorinoticino.ch\/de\/wp-json\/wp\/v2\/types\/page"}],"author":[{"embeddable":true,"href":"https:\/\/otorinoticino.ch\/de\/wp-json\/wp\/v2\/users\/1"}],"replies":[{"embeddable":true,"href":"https:\/\/otorinoticino.ch\/de\/wp-json\/wp\/v2\/comments?post=579"}],"version-history":[{"count":2,"href":"https:\/\/otorinoticino.ch\/de\/wp-json\/wp\/v2\/pages\/579\/revisions"}],"predecessor-version":[{"id":1143,"href":"https:\/\/otorinoticino.ch\/de\/wp-json\/wp\/v2\/pages\/579\/revisions\/1143"}],"wp:attachment":[{"href":"https:\/\/otorinoticino.ch\/de\/wp-json\/wp\/v2\/media?parent=579"}],"curies":[{"name":"wp","href":"https:\/\/api.w.org\/{rel}","templated":true}]}}