{"id":561,"date":"2024-10-06T14:57:14","date_gmt":"2024-10-06T14:57:14","guid":{"rendered":"http:\/\/dev.otorinoticino.ch\/?page_id=561"},"modified":"2024-10-17T04:46:21","modified_gmt":"2024-10-17T04:46:21","slug":"dr-ssa-isenschmid","status":"publish","type":"page","link":"https:\/\/otorinoticino.ch\/de\/dr-ssa-isenschmid\/","title":{"rendered":"Dr. Isenschmid"},"content":{"rendered":"<div class=\"gb-grid-wrapper gb-grid-wrapper-a24662e0 mt-4 mb-4\">\n<div class=\"gb-grid-column gb-grid-column-57671018\"><div class=\"gb-container gb-container-57671018 position-doc_pic\">\n\n<figure class=\"gb-block-image gb-block-image-3facee75\"><img loading=\"lazy\" decoding=\"async\" width=\"314\" height=\"402\" class=\"gb-image gb-image-3facee75\" src=\"https:\/\/otorinoticino.ch\/wp-content\/uploads\/2024\/10\/dr-ssa-isenschmid.webp\" alt=\"Dr Ssa Isenschmid\" title=\"dr-ssa-isenschmid\" srcset=\"https:\/\/otorinoticino.ch\/wp-content\/uploads\/2024\/10\/dr-ssa-isenschmid.webp 314w, https:\/\/otorinoticino.ch\/wp-content\/uploads\/2024\/10\/dr-ssa-isenschmid-234x300.webp 234w\" sizes=\"auto, (max-width: 314px) 100vw, 314px\" \/><\/figure>\n\n<\/div><\/div>\n\n<div class=\"gb-grid-column gb-grid-column-9e8fbf8d\"><div class=\"gb-container gb-container-9e8fbf8d\">\n\n<h1 class=\"gb-headline gb-headline-86eeb6e0 gb-headline-text\">DR.SSA MED. FLORENCE ISENSCHMID<\/h1>\n\n\n\n<div class=\"d-flex justify-content-center mt-3 mb-3\" style=\"height: 3vh;\">\n    <svg preserveAspectRatio=\"xMidYMid meet\" width=\"25\" height=\"25\" viewBox=\"0 52.749 444 338.551\" xmlns=\"http:\/\/www.w3.org\/2000\/svg\" role=\"presentation\" aria-hidden=\"true\" aria-label=\"\">\n        <g>\n            <path d=\"M276.9 391.3h-1c-6.3-.5-11.5-4.7-13.6-10.4l-97.7-272.7L103 229.4c-2.6 5.2-7.8 8.4-14.1 8.4H15.7C6.8 237.7 0 231 0 222.1s6.8-15.7 15.7-15.7h63.7l74.2-145.2c2.6-5.7 8.9-8.9 15.2-8.4s11.5 4.7 13.6 10.4L279.5 336l61.6-121.2c2.6-5.2 7.8-8.4 14.1-8.4h73.1c8.9 0 15.7 6.8 15.7 15.7 0 8.9-6.8 15.7-15.7 15.7h-63.7L291 383c-2.6 5.2-8.4 8.3-14.1 8.3z\" fill=\"#006ad1\"><\/path>\n        <\/g>\n    <\/svg>\n<\/div>\n\n\n\n<p><strong>&#8211; Fach\u00e4rztin f\u00fcr Hals-Nasen-Ohren-Heilkunde (FMH)<\/strong><\/p>\n\n\n\n<p><strong>&#8211; Ultraschall des Halses und der Schilddr\u00fcse (SSUM)<\/strong><\/p>\n\n\n\n<p>Florence Isenschmid ist in Chur geboren und in der Region Montreux aufgewachsen.<\/p>\n\n\n\n<p>Sie studierte Medizin an der Universit\u00e4t Lausanne, verbrachte ihr sechstes und neuntes Semester an der Humboldt-Universit\u00e4t zu Berlin, Hospital la Charit\u00e9, und ihr neuntes und zehntes Semester (Praktika) an verschiedenen Spit\u00e4lern der Deutschschweiz.<\/p>\n\n\n\n<p>2010 erwarb sie das eidgen\u00f6ssische Arztdiplom und wurde 2017 Fach\u00e4rztin&nbsp;<strong>FMH<\/strong>&nbsp;f\u00fcr HNO am Universit\u00e4tsspital Lausanne.<\/p>\n\n\n\n<p>Dr. med. Florence Isenschmid hat sich im Laufe ihrer Facharztausbildung ein vertieftes Wissen in allen Bereichen der HNO angeeignet und ist Autorin und Co-Autorin mehrerer Publikationen in wissenschaftlichen Fachzeitschriften in ihrem Spezialgebiet (P\u00e4diatrie Atemwege, HNO-Onkologie).<\/p>\n\n\n\n<p><strong>HNO-Ausbildung<\/strong><\/p>\n\n\n\n<p>2010-2011 Assistenz\u00e4rztin Chirurgie (neuro., -visceral, Notf\u00e4lle) Kantonsspital Sion.<\/p>\n\n\n\n<p>2011-2012 Assistenz\u00e4rztin HNO am Kantonsspital Sitten.<\/p>\n\n\n\n<p>2012-2017 Assistenz\u00e4rztin HNO Universit\u00e4tsspital Lausanne.<\/p>\n\n\n\n<p>2017-2018 Ober\u00e4rztin HNO-Klinik Kantonsspital Neuenburg.<\/p>\n\n\n\n<p>2018-2022 Ober\u00e4rztin HNO-Klinik EOC Kantonsspital Bellinzona.<\/p>\n\n\n\n<p><strong>Abschl\u00fcsse und Qualifikationen<\/strong><\/p>\n\n\n\n<p>2010 Eidgen\u00f6ssisches Diplom in Medizin an der Universit\u00e4t Lausanne.<\/p>\n\n\n\n<p>2017 Facharztin f\u00fcr Hals-Nasen-Ohrenkrankheiten (FMH)<\/p>\n\n\n\n<p>2021 F\u00e4higkeitsausweis f\u00fcr Sonographie des Halses und der Schilddr\u00fcse (<strong>SSUM<\/strong>)<\/p>\n\n\n\n<p>Seit 2022 Zusammenarbeit mit der Universit\u00e4t Lugano (<strong>USI<\/strong>).<\/p>\n\n\n\n<p><strong>Sprachen<\/strong><\/p>\n\n\n\n<p>Italienisch, Franz\u00f6sisch, Deutsch, Englisch (Grundkenntnisse).<\/p>\n\n<\/div><\/div>\n<\/div>","protected":false},"excerpt":{"rendered":"","protected":false},"author":1,"featured_media":0,"parent":0,"menu_order":0,"comment_status":"closed","ping_status":"closed","template":"content-template.php","meta":{"_acf_changed":false,"footnotes":""},"class_list":["post-561","page","type-page","status-publish","hentry"],"acf":[],"yoast_head":"<!-- This site is optimized with the Yoast SEO plugin v27.1.1 - https:\/\/yoast.com\/product\/yoast-seo-wordpress\/ -->\n<title>Dr. Isenschmid, Lugano, Bellinzona | Studio Otorino Ticino<\/title>\n<meta name=\"robots\" content=\"index, follow, max-snippet:-1, max-image-preview:large, max-video-preview:-1\" \/>\n<link rel=\"canonical\" href=\"https:\/\/otorinoticino.ch\/de\/dr-ssa-isenschmid\/\" \/>\n<meta property=\"og:locale\" content=\"de_DE\" \/>\n<meta property=\"og:type\" content=\"article\" \/>\n<meta property=\"og:title\" content=\"Dr. Isenschmid, Lugano, Bellinzona | Studio Otorino Ticino\" \/>\n<meta property=\"og:url\" content=\"https:\/\/otorinoticino.ch\/de\/dr-ssa-isenschmid\/\" \/>\n<meta property=\"og:site_name\" content=\"Studio OTORINO Ticino\" \/>\n<meta property=\"article:modified_time\" content=\"2024-10-17T04:46:21+00:00\" \/>\n<meta property=\"og:image\" content=\"https:\/\/otorinoticino.ch\/wp-content\/uploads\/2024\/10\/dr-ssa-isenschmid.webp\" \/>\n<meta name=\"twitter:card\" content=\"summary_large_image\" \/>\n<meta name=\"twitter:label1\" content=\"Gesch\u00e4tzte Lesezeit\" \/>\n\t<meta name=\"twitter:data1\" content=\"2\u00a0Minuten\" \/>\n<script type=\"application\/ld+json\" class=\"yoast-schema-graph\">{\"@context\":\"https:\/\/schema.org\",\"@graph\":[{\"@type\":\"WebPage\",\"@id\":\"https:\/\/otorinoticino.ch\/de\/dr-ssa-isenschmid\/\",\"url\":\"https:\/\/otorinoticino.ch\/de\/dr-ssa-isenschmid\/\",\"name\":\"Dr. Isenschmid, Lugano, Bellinzona | Studio Otorino Ticino\",\"isPartOf\":{\"@id\":\"https:\/\/otorinoticino.ch\/de\/#website\"},\"primaryImageOfPage\":{\"@id\":\"https:\/\/otorinoticino.ch\/de\/dr-ssa-isenschmid\/#primaryimage\"},\"image\":{\"@id\":\"https:\/\/otorinoticino.ch\/de\/dr-ssa-isenschmid\/#primaryimage\"},\"thumbnailUrl\":\"https:\/\/otorinoticino.ch\/wp-content\/uploads\/2024\/10\/dr-ssa-isenschmid.webp\",\"datePublished\":\"2024-10-06T14:57:14+00:00\",\"dateModified\":\"2024-10-17T04:46:21+00:00\",\"breadcrumb\":{\"@id\":\"https:\/\/otorinoticino.ch\/de\/dr-ssa-isenschmid\/#breadcrumb\"},\"inLanguage\":\"de\",\"potentialAction\":[{\"@type\":\"ReadAction\",\"target\":[\"https:\/\/otorinoticino.ch\/de\/dr-ssa-isenschmid\/\"]}]},{\"@type\":\"ImageObject\",\"inLanguage\":\"de\",\"@id\":\"https:\/\/otorinoticino.ch\/de\/dr-ssa-isenschmid\/#primaryimage\",\"url\":\"https:\/\/otorinoticino.ch\/wp-content\/uploads\/2024\/10\/dr-ssa-isenschmid.webp\",\"contentUrl\":\"https:\/\/otorinoticino.ch\/wp-content\/uploads\/2024\/10\/dr-ssa-isenschmid.webp\"},{\"@type\":\"BreadcrumbList\",\"@id\":\"https:\/\/otorinoticino.ch\/de\/dr-ssa-isenschmid\/#breadcrumb\",\"itemListElement\":[{\"@type\":\"ListItem\",\"position\":1,\"name\":\"Home\",\"item\":\"https:\/\/otorinoticino.ch\/de\/\"},{\"@type\":\"ListItem\",\"position\":2,\"name\":\"Dr. Isenschmid\"}]},{\"@type\":\"WebSite\",\"@id\":\"https:\/\/otorinoticino.ch\/de\/#website\",\"url\":\"https:\/\/otorinoticino.ch\/de\/\",\"name\":\"Studio OTORINO Ticino\",\"description\":\"\",\"publisher\":{\"@id\":\"https:\/\/otorinoticino.ch\/de\/#organization\"},\"potentialAction\":[{\"@type\":\"SearchAction\",\"target\":{\"@type\":\"EntryPoint\",\"urlTemplate\":\"https:\/\/otorinoticino.ch\/de\/?s={search_term_string}\"},\"query-input\":{\"@type\":\"PropertyValueSpecification\",\"valueRequired\":true,\"valueName\":\"search_term_string\"}}],\"inLanguage\":\"de\"},{\"@type\":\"Organization\",\"@id\":\"https:\/\/otorinoticino.ch\/de\/#organization\",\"name\":\"Studio OTORINO Ticino\",\"url\":\"https:\/\/otorinoticino.ch\/de\/\",\"logo\":{\"@type\":\"ImageObject\",\"inLanguage\":\"de\",\"@id\":\"https:\/\/otorinoticino.ch\/de\/#\/schema\/logo\/image\/\",\"url\":\"https:\/\/otorinoticino.ch\/wp-content\/uploads\/2024\/10\/cropped-logo.png\",\"contentUrl\":\"https:\/\/otorinoticino.ch\/wp-content\/uploads\/2024\/10\/cropped-logo.png\",\"width\":522,\"height\":278,\"caption\":\"Studio OTORINO Ticino\"},\"image\":{\"@id\":\"https:\/\/otorinoticino.ch\/de\/#\/schema\/logo\/image\/\"}}]}<\/script>\n<!-- \/ Yoast SEO plugin. -->","yoast_head_json":{"title":"Dr. Isenschmid, Lugano, Bellinzona | Studio Otorino Ticino","robots":{"index":"index","follow":"follow","max-snippet":"max-snippet:-1","max-image-preview":"max-image-preview:large","max-video-preview":"max-video-preview:-1"},"canonical":"https:\/\/otorinoticino.ch\/de\/dr-ssa-isenschmid\/","og_locale":"de_DE","og_type":"article","og_title":"Dr. Isenschmid, Lugano, Bellinzona | Studio Otorino Ticino","og_url":"https:\/\/otorinoticino.ch\/de\/dr-ssa-isenschmid\/","og_site_name":"Studio OTORINO Ticino","article_modified_time":"2024-10-17T04:46:21+00:00","og_image":[{"url":"https:\/\/otorinoticino.ch\/wp-content\/uploads\/2024\/10\/dr-ssa-isenschmid.webp","type":"","width":"","height":""}],"twitter_card":"summary_large_image","twitter_misc":{"Gesch\u00e4tzte Lesezeit":"2\u00a0Minuten"},"schema":{"@context":"https:\/\/schema.org","@graph":[{"@type":"WebPage","@id":"https:\/\/otorinoticino.ch\/de\/dr-ssa-isenschmid\/","url":"https:\/\/otorinoticino.ch\/de\/dr-ssa-isenschmid\/","name":"Dr. Isenschmid, Lugano, Bellinzona | Studio Otorino Ticino","isPartOf":{"@id":"https:\/\/otorinoticino.ch\/de\/#website"},"primaryImageOfPage":{"@id":"https:\/\/otorinoticino.ch\/de\/dr-ssa-isenschmid\/#primaryimage"},"image":{"@id":"https:\/\/otorinoticino.ch\/de\/dr-ssa-isenschmid\/#primaryimage"},"thumbnailUrl":"https:\/\/otorinoticino.ch\/wp-content\/uploads\/2024\/10\/dr-ssa-isenschmid.webp","datePublished":"2024-10-06T14:57:14+00:00","dateModified":"2024-10-17T04:46:21+00:00","breadcrumb":{"@id":"https:\/\/otorinoticino.ch\/de\/dr-ssa-isenschmid\/#breadcrumb"},"inLanguage":"de","potentialAction":[{"@type":"ReadAction","target":["https:\/\/otorinoticino.ch\/de\/dr-ssa-isenschmid\/"]}]},{"@type":"ImageObject","inLanguage":"de","@id":"https:\/\/otorinoticino.ch\/de\/dr-ssa-isenschmid\/#primaryimage","url":"https:\/\/otorinoticino.ch\/wp-content\/uploads\/2024\/10\/dr-ssa-isenschmid.webp","contentUrl":"https:\/\/otorinoticino.ch\/wp-content\/uploads\/2024\/10\/dr-ssa-isenschmid.webp"},{"@type":"BreadcrumbList","@id":"https:\/\/otorinoticino.ch\/de\/dr-ssa-isenschmid\/#breadcrumb","itemListElement":[{"@type":"ListItem","position":1,"name":"Home","item":"https:\/\/otorinoticino.ch\/de\/"},{"@type":"ListItem","position":2,"name":"Dr. Isenschmid"}]},{"@type":"WebSite","@id":"https:\/\/otorinoticino.ch\/de\/#website","url":"https:\/\/otorinoticino.ch\/de\/","name":"Studio OTORINO Ticino","description":"","publisher":{"@id":"https:\/\/otorinoticino.ch\/de\/#organization"},"potentialAction":[{"@type":"SearchAction","target":{"@type":"EntryPoint","urlTemplate":"https:\/\/otorinoticino.ch\/de\/?s={search_term_string}"},"query-input":{"@type":"PropertyValueSpecification","valueRequired":true,"valueName":"search_term_string"}}],"inLanguage":"de"},{"@type":"Organization","@id":"https:\/\/otorinoticino.ch\/de\/#organization","name":"Studio OTORINO Ticino","url":"https:\/\/otorinoticino.ch\/de\/","logo":{"@type":"ImageObject","inLanguage":"de","@id":"https:\/\/otorinoticino.ch\/de\/#\/schema\/logo\/image\/","url":"https:\/\/otorinoticino.ch\/wp-content\/uploads\/2024\/10\/cropped-logo.png","contentUrl":"https:\/\/otorinoticino.ch\/wp-content\/uploads\/2024\/10\/cropped-logo.png","width":522,"height":278,"caption":"Studio OTORINO Ticino"},"image":{"@id":"https:\/\/otorinoticino.ch\/de\/#\/schema\/logo\/image\/"}}]}},"_links":{"self":[{"href":"https:\/\/otorinoticino.ch\/de\/wp-json\/wp\/v2\/pages\/561","targetHints":{"allow":["GET"]}}],"collection":[{"href":"https:\/\/otorinoticino.ch\/de\/wp-json\/wp\/v2\/pages"}],"about":[{"href":"https:\/\/otorinoticino.ch\/de\/wp-json\/wp\/v2\/types\/page"}],"author":[{"embeddable":true,"href":"https:\/\/otorinoticino.ch\/de\/wp-json\/wp\/v2\/users\/1"}],"replies":[{"embeddable":true,"href":"https:\/\/otorinoticino.ch\/de\/wp-json\/wp\/v2\/comments?post=561"}],"version-history":[{"count":2,"href":"https:\/\/otorinoticino.ch\/de\/wp-json\/wp\/v2\/pages\/561\/revisions"}],"predecessor-version":[{"id":1115,"href":"https:\/\/otorinoticino.ch\/de\/wp-json\/wp\/v2\/pages\/561\/revisions\/1115"}],"wp:attachment":[{"href":"https:\/\/otorinoticino.ch\/de\/wp-json\/wp\/v2\/media?parent=561"}],"curies":[{"name":"wp","href":"https:\/\/api.w.org\/{rel}","templated":true}]}}