{"id":553,"date":"2024-10-02T16:29:16","date_gmt":"2024-10-02T16:29:16","guid":{"rendered":"http:\/\/dev.otorinoticino.ch\/?page_id=553"},"modified":"2024-10-17T04:44:31","modified_gmt":"2024-10-17T04:44:31","slug":"dr-thomas-roth","status":"publish","type":"page","link":"https:\/\/otorinoticino.ch\/de\/dr-thomas-roth\/","title":{"rendered":"Dr. Thomas Roth"},"content":{"rendered":"<div class=\"gb-grid-wrapper gb-grid-wrapper-a24662e0 mt-4 mb-4\">\n<div class=\"gb-grid-column gb-grid-column-57671018\"><div class=\"gb-container gb-container-57671018 position-doc_pic\">\n\n<figure class=\"gb-block-image gb-block-image-3facee75\"><img loading=\"lazy\" decoding=\"async\" width=\"310\" height=\"410\" class=\"gb-image gb-image-3facee75\" src=\"https:\/\/otorinoticino.ch\/wp-content\/uploads\/2024\/10\/dr-tomath-roth.webp\" alt=\"dr tomath roth\" title=\"dr-tomath-roth\" srcset=\"https:\/\/otorinoticino.ch\/wp-content\/uploads\/2024\/10\/dr-tomath-roth.webp 310w, https:\/\/otorinoticino.ch\/wp-content\/uploads\/2024\/10\/dr-tomath-roth-227x300.webp 227w\" sizes=\"auto, (max-width: 310px) 100vw, 310px\" \/><\/figure>\n\n<\/div><\/div>\n\n<div class=\"gb-grid-column gb-grid-column-9e8fbf8d\"><div class=\"gb-container gb-container-9e8fbf8d\">\n\n<h1 class=\"gb-headline gb-headline-86eeb6e0 gb-headline-text\">KD DR. MED. THOMAS ROTH<\/h1>\n\n\n\n<div class=\"d-flex justify-content-center mt-3 mb-3\" style=\"height: 3vh;\">\n    <svg preserveAspectRatio=\"xMidYMid meet\" width=\"25\" height=\"25\" viewBox=\"0 52.749 444 338.551\" xmlns=\"http:\/\/www.w3.org\/2000\/svg\" role=\"presentation\" aria-hidden=\"true\" aria-label=\"\">\n        <g>\n            <path d=\"M276.9 391.3h-1c-6.3-.5-11.5-4.7-13.6-10.4l-97.7-272.7L103 229.4c-2.6 5.2-7.8 8.4-14.1 8.4H15.7C6.8 237.7 0 231 0 222.1s6.8-15.7 15.7-15.7h63.7l74.2-145.2c2.6-5.7 8.9-8.9 15.2-8.4s11.5 4.7 13.6 10.4L279.5 336l61.6-121.2c2.6-5.2 7.8-8.4 14.1-8.4h73.1c8.9 0 15.7 6.8 15.7 15.7 0 8.9-6.8 15.7-15.7 15.7h-63.7L291 383c-2.6 5.2-8.4 8.3-14.1 8.3z\" fill=\"#006ad1\"><\/path>\n        <\/g>\n    <\/svg>\n<\/div>\n\n\n\n<p><strong>&#8211; Facharzt f\u00fcr Hals-, Nasen- und Ohrenheilkunde und f\u00fcr Gesichtschirurgie (FMH).<br>&#8211; Ultraschall des Halses und der Schilddr\u00fcse (SSUM)<\/strong><br>&nbsp;<br>Dr. Thomas Roth erwarb 2003 das eidgen\u00f6ssische Arztdiplom und 2008 das Doktorat der Medizin an der Universit\u00e4t Bern. W\u00e4hrend seiner Ausbildung absolvierte er zwischen 2004 und 2009 die Facharztausbildung f\u00fcr HNO am Inselspital Bern und am Universit\u00e4tsspital Z\u00fcrich. Im Jahr 2012 wurde er&nbsp;<strong>FMH<\/strong>-Facharzt f\u00fcr Hals-, Nasen- und Gesichtschirurgie.<br>&nbsp;<br>Seit 2009 war er Oberarzt (the same word to change 3 linses below, signed with 1) am Inselspital Bern und von 2010 bis 2016 auch am Universit\u00e4tsspital Z\u00fcrich. Seit 2016 ist er zudem als klinischer Dozent an der Universit\u00e4t Z\u00fcrich t\u00e4tig.<br>&nbsp;<br>Er war stellvertretender Leiter der Abteilung f\u00fcr Rhinologie, Otologie und Head and Neck.<br>&nbsp;<br>W\u00e4hrend seiner langj\u00e4hrigen T\u00e4tigkeit als Oberarzt (the same word to change 3 linses below, signed with 1) erwarb er ein vertieftes Wissen in allen Bereichen der HNO. Neben seiner T\u00e4tigkeit als Arzt in der Klinik widmete er sich mit Leidenschaft der wissenschaftlichen Forschung, was sich in zahlreichen Publikationen auf verschiedenen Gebieten seines Fachs zeigt. Sein besonderes Interesse galt den neurophysiologischen und molekularbiologischen Regulationsmechanismen des Geh\u00f6r- und Schwindelorgans.<\/p>\n\n\n\n<p>Zus\u00e4tzlich zu den konsertiven Therapie und der allgemeinen HNO-Basischirurgie hat er eine aussergew\u00f6hnlich breite chirurgische Fertigkeit und Erfahrung erlangt:<\/p>\n\n\n\n<ul class=\"wp-block-list\">\n<li>Endoskopische Chirurgie der Nasennebenh\u00f6hlen und der Sch\u00e4delbasis<\/li>\n\n\n\n<li>Funktionelle, \u00e4sthetische und rekonstruktive Rhinoplastik<\/li>\n\n\n\n<li>Mikrochirurgie der Ohren<\/li>\n\n\n\n<li>\u00c4sthetische und rekonstruktive Gesichtschirurgie<\/li>\n\n\n\n<li>Schilddr\u00fcsen- und Nebenschilddr\u00fcsenchirurgie<\/li>\n\n\n\n<li>Onkologische Hals-Chirurgie mit Rekonstruktion durch Haut- und Muskellappen.<\/li>\n<\/ul>\n\n\n\n<p>&nbsp;<br>Im Jahr 2016 bis 2020 arbeitete er beim Centromedico im Tessin und trug nicht nur ma\u00dfgeblich zur Organisation und Entwicklung der HNO bei, sondern baute auch die Abteilung Kopf-Hals- Chirurgie und ambulante Operationen auf.<br>&nbsp;<br>Im Jahr 2020 beschloss er, sich selbstst\u00e4ndig zu machen und gr\u00fcndete das Studio OTORINO Ticino.<br>&nbsp;<br>In der Sprechstunde werden nicht nur Faktoren besprochen, die zur Krankheit beitragen, sondern auch Aspekte, die die Gesundheit und das Wohlbefinden eines Menschen f\u00f6rdern (Salutogenese).<br>&nbsp;<br>Er spricht fliessend Italienisch, Deutsch, Schweizerdeutsch, Franz\u00f6sisch, Englisch und Griechisch.<br>&nbsp;<br><strong>HNO-Ausbildung<\/strong><br>2004 Allgemeinchirurgie am Bezirksspital Belp (BE)<br>2005 &#8211; 2009 Facharztausbildung HNO am Inselspital Bern und Universit\u00e4tsspital Z\u00fcrich (USZ)<br>2009 Oberarzt am Inselspital Bern<br>2010 &#8211; 2016 Oberarzt am Universit\u00e4tsspital Z\u00fcrich (USZ)<br>&nbsp;<br><strong>Examen und Qualifikationen<\/strong><br>2003 Schweizerisches Staatsexamen an der Universit\u00e4t Bern<br>2008 Titel eines \u201eDoctor medicinae\u201c (Dr. med.) an der Universit\u00e4t Bern<br>2009 Facharzt f\u00fcr Hals-Nasen-Ohren-Heilkunde (FMH)<br>2012 Facharzt f\u00fcr Kopf-Hals-Chirurgie (FMH)<br>2015 F\u00e4higkeitsausweis in Sonographie des Halses und der Schilddr\u00fcse (SSUM)<br>2016 Klinischer Dozent (KD) an der Universit\u00e4t Z\u00fcrich<\/p>\n\n<\/div><\/div>\n<\/div>\n\n<div class=\"gb-grid-wrapper gb-grid-wrapper-a55df9db mt-4 mb-4\">\n<div class=\"gb-grid-column gb-grid-column-0735a197\"><div class=\"gb-container gb-container-0735a197\">\n\n<h3 class=\"gb-headline gb-headline-c9a1a032 gb-headline-text\">Ausbildungskurse<\/h3>\n\n\n\n<ul class=\"wp-block-list ms-2\">\n<li><strong>Rhinoplasty and Plastic Facial Surgery<\/strong><br>ORL-Zentrum Hirslanden, Z\u00fcrich: 7.-8. Juni 2012 (Cadaver Dissection)<\/li>\n\n\n\n<li><strong>Felsenbeinpr\u00e4parations-Kurs<\/strong><br>Institut f\u00fcr Pathologie, Basel: 1.-2. September 2011 (Cadaver Dissection)<\/li>\n\n\n\n<li><strong>Endonasal Microsurgery of the Paranasal Sinuses and the Anterior Skull Base<\/strong><br>ORL-Zentrum Hirslanden, Z\u00fcrich: 8.-9. Juni 2011(Cadaver Dissection)<\/li>\n\n\n\n<li><strong>Aesthetic and Reconstructive Rhinoplasty<\/strong><br>International Milan Masterclass, Milano: 27.-29. M\u00e4rz 2011<\/li>\n\n\n\n<li><strong>Advanced Resident Temporal Bone Dissection Course<\/strong><br>Institut f\u00fcr Anatomie, Wien: 4.-6. Oktober 2010 (Cadaver Dissection)<\/li>\n\n\n\n<li><strong>Endoscopic Course for Paranasal Sinus and Skull Base Surgery (PSSB)<\/strong><br>Institut f\u00fcr Anatomie, Bern: 11.-13. September 2008 (Cadaver Dissection)<\/li>\n\n\n\n<li><strong>Ultraschall-Basiskurse I-III<\/strong><br>Sektion ORL der SGUM (2006, 2009, 2011)<\/li>\n<\/ul>\n\n<\/div><\/div>\n\n<div class=\"gb-grid-column gb-grid-column-9526f2b3\"><div class=\"gb-container gb-container-9526f2b3\">\n\n<h3 class=\"gb-headline gb-headline-ca48ef8e gb-headline-text\"><strong>Lehr- und Managementkurse<\/strong><\/h3>\n\n\n\n<ul class=\"wp-block-list ms-2\">\n<li><strong>Leadership I des Universit\u00e4tsSpitals Z\u00fcrich (FMH-anerkannt)<\/strong><br>F\u00fchrungsseminar f\u00fcr Ober\u00e4rzte: 5.9.11 bis 1.3.12<\/li>\n\n\n\n<li><strong>F\u00fchrung II des Universit\u00e4tsSpitals Z\u00fcrich (FMH-anerkannt)<\/strong><br>F\u00fchrungsseminar f\u00fcr Leitende \u00c4rzte: 19.8.13 bis 19.12.13<\/li>\n\n\n\n<li><strong>Moderation von Lern- und Arbeitsprozessen<\/strong><br>Didaktik-Kurs der Universit\u00e4t Z\u00fcrich, 25.-26.9.2014<\/li>\n\n\n\n<li><strong>D\u00e9but &#8211; Einstieg in die Lehre<\/strong><br>Didaktik-Kurs der Universit\u00e4t Z\u00fcrich, 25.8.2014<\/li>\n\n\n\n<li><strong>Kognitive Aktivierung von Studierenden in interaktiv angelegten Lehrveranstaltungen<\/strong><br>Didaktik-Kurs der Universit\u00e4t Z\u00fcrich, 5.-6.6.2014<\/li>\n\n\n\n<li><strong>SGUM: Didaktik- und Tutorenkurs<\/strong><br>HNO-Sonographie, Stadtspital Triemli, 22.-23.3.13<\/li>\n\n\n\n<li><strong>Workshop Fallmanagment im Bereich Neuro-Kopf, USZ<\/strong><br>Prozessoptimierung Austrittsmanagment und Notf\u00e4lle: M\u00e4rz 2013<\/li>\n\n\n\n<li><strong>Angebots-, Entwicklungs- und Finanzplanung USZ<\/strong><br>Medizinisches Leistungsportfolio auf Basis von klinischen Einsch\u00e4tzungen und statistischen Analysen: 2014<\/li>\n<\/ul>\n\n<\/div><\/div>\n<\/div>\n\n\n<h2 class=\"gb-headline gb-headline-845b527a gb-headline-text\">WISSENSCHAFTLICHE T\u00c4TIGKEIT<\/h2>\n\n\n\n<div class=\"d-flex justify-content-center mt-3 mb-3\" style=\"height: 3vh;\">\n    <svg preserveAspectRatio=\"xMidYMid meet\" width=\"25\" height=\"25\" viewBox=\"0 52.749 444 338.551\" xmlns=\"http:\/\/www.w3.org\/2000\/svg\" role=\"presentation\" aria-hidden=\"true\" aria-label=\"\">\n        <g>\n            <path d=\"M276.9 391.3h-1c-6.3-.5-11.5-4.7-13.6-10.4l-97.7-272.7L103 229.4c-2.6 5.2-7.8 8.4-14.1 8.4H15.7C6.8 237.7 0 231 0 222.1s6.8-15.7 15.7-15.7h63.7l74.2-145.2c2.6-5.7 8.9-8.9 15.2-8.4s11.5 4.7 13.6 10.4L279.5 336l61.6-121.2c2.6-5.2 7.8-8.4 14.1-8.4h73.1c8.9 0 15.7 6.8 15.7 15.7 0 8.9-6.8 15.7-15.7 15.7h-63.7L291 383c-2.6 5.2-8.4 8.3-14.1 8.3z\" fill=\"#006ad1\"><\/path>\n        <\/g>\n    <\/svg>\n<\/div>\n\n\n<div class=\"gb-container gb-container-23b87ff1\">\n\n<h3 class=\"gb-headline gb-headline-11972e1b gb-headline-text\">Lehrt\u00e4tigkeit<\/h3>\n\n\n\n<p>Seit 2010 Dozent im Masterstudiengang an der Medizinischen Fakult\u00e4t der Universit\u00e4t Z\u00fcrich: verschiedene Praktika und Vorlesungen<br>Seit 2010 Pr\u00fcfer an der Medizinischen Fakult\u00e4t der Universit\u00e4t Z\u00fcrich: OSCE (Objective Structured Clinical Examination) f\u00fcr das Staatsexamen<br>2011 Autor von Multiple Choice Pr\u00fcfungen f\u00fcr das Staatsexamen in Humanmedizin (BAG)<\/p>\n\n<\/div>\n\n<div class=\"gb-container gb-container-16df18ed\">\n\n<h3 class=\"gb-headline gb-headline-7cf45d78 gb-headline-text\">Masterabschluss in Medizin (M Med)<\/h3>\n\n\n\n<p>Masterarbeit in Otoneurologie:<\/p>\n\n\n\n<ol class=\"wp-block-list\">\n<li>Dysfunktion der Otolithen-Organe beim benignen paroxysmalen Lagerungsschwindel eingereicht von cand. med. I. Bertels zur Erlangung des Titels M Med (2012)<\/li>\n\n\n\n<li>Funktion von Sakkulus und Utrikulus gemessen mit Vestibul\u00e4r evozierten myogenen Potenzialen (VEMP) bei verschiedenen vestibul\u00e4ren St\u00f6rungen vorgestellt von cand. med. A. Bl\u00f6chlinger f\u00fcr den Titel M Med (2013)<\/li>\n<\/ol>\n\n<\/div>\n\n\n<h2 class=\"gb-headline gb-headline-4c6e5bd9 gb-headline-text\">PUBLIKATIONEN<\/h2>\n\n\n\n<div class=\"d-flex justify-content-center mt-3 mb-3\" style=\"height: 3vh;\">\n    <svg preserveAspectRatio=\"xMidYMid meet\" width=\"25\" height=\"25\" viewBox=\"0 52.749 444 338.551\" xmlns=\"http:\/\/www.w3.org\/2000\/svg\" role=\"presentation\" aria-hidden=\"true\" aria-label=\"\">\n        <g>\n            <path d=\"M276.9 391.3h-1c-6.3-.5-11.5-4.7-13.6-10.4l-97.7-272.7L103 229.4c-2.6 5.2-7.8 8.4-14.1 8.4H15.7C6.8 237.7 0 231 0 222.1s6.8-15.7 15.7-15.7h63.7l74.2-145.2c2.6-5.7 8.9-8.9 15.2-8.4s11.5 4.7 13.6 10.4L279.5 336l61.6-121.2c2.6-5.2 7.8-8.4 14.1-8.4h73.1c8.9 0 15.7 6.8 15.7 15.7 0 8.9-6.8 15.7-15.7 15.7h-63.7L291 383c-2.6 5.2-8.4 8.3-14.1 8.3z\" fill=\"#006ad1\"><\/path>\n        <\/g>\n    <\/svg>\n<\/div>\n\n\n<div class=\"gb-container gb-container-6481f7d0\">\n\n<p><strong>Handbuch der klinischen Neurologie (Band 129, Kapitel 20)<\/strong><\/p>\n\n\n\n<p><strong>Roth TN<\/strong>. Aging of the Auditory System Handb Clin Neurol. 2015;129:357-73&nbsp;&nbsp;<a href=\"https:\/\/otorinoticino.ch\/wp-content\/uploads\/2024\/10\/aging_of_the_auditory_system_compressed.pdf\" target=\"_blank\" rel=\"noreferrer noopener\"><strong>Download<\/strong><\/a><\/p>\n\n\n\n<p><strong>Wissenschaftliche Publikationen<\/strong><\/p>\n\n\n\n<p>Huber AM, Veraguth D, Schmid S, Roth T, Eiber A. Straffe Stapesprothesenfixierung f\u00fchrt zu besseren funktionellen Ergebnissen bei Otoskleroseoperationen. Otol Neurotol 2008;29(7):893-9<\/p>\n\n\n\n<p><strong>Roth TN<\/strong>, H\u00e4usler R. Inside-out-Technik Cholesteatom-Chirurgie: eine retrospektive Langzeitanalyse von 604 operierten Ohren zwischen 1992 und 2006.&nbsp;Otol Neurotol 2009;30(1):59-63<\/p>\n\n\n\n<p><strong>Roth TN<\/strong>, Gengler C, Huber GF, Holzmann D. Outcome des Sinusmelanoms: Klinische Erfahrung und Literatur\u00fcbersicht. Kopf-Hals 2010<br>Oct;32(10):1385-92<\/p>\n\n\n\n<p><strong>Roth TN<\/strong>, Friedrich H, Schmid P, Blumstein N, B\u00fctikofer Y, Zb\u00e4ren P, Arnold A. Lokale und regionale Rezidivrate der oralen Zungenkarzinome pT1-2 N0-1 entsprechend der prim\u00e4ren Therapie. Schweiz Med Forum 2010:10 (Suppl. 51)<\/p>\n\n\n\n<p>Huber GF; Gengler C; Walter C;&nbsp;<strong>Roth TN<\/strong>; Huber A; Holzmann D. Adenokarzinom der Nasenh\u00f6hle und Nasennebenh\u00f6hlen: Eine \u00dcbersichtsarbeit aus einer Institution von Diagnose, Histologie und Ergebnis. J Otolaryngol Head Neck Surg 2011 Feb;40(1):34-9<\/p>\n\n\n\n<p><strong>Roth TN<\/strong>, Hanebuth D, Probst R. Pr\u00e4valenz der altersbedingten Schwerh\u00f6rigkeit (ARHL) in Europa &#8211; Ein \u00dcberblick. Eur Arch Otorhinolaryngol 268(8):1101-7. Lehner R, Stoupis C, Roth T, Andreisek G, Tamborrini G. Rare causes of acute neck pain. Praxis 2011 Nov 2;100(22):1371-3<\/p>\n\n\n\n<p><strong>Roth TN<\/strong>, Ziglinas P, Haeusler R, Caversaccio MD. Cholesteatom-Chirurgie bei Kindern: Langzeitergebnisse der Inside-Out-Technik. Int J Pediatr<\/p>\n\n\n\n<p>Otorhinolaryngol. 2013 May;77(5)<\/p>\n\n\n\n<p><strong>Roth TN<\/strong>,&gt; Weber KP, Wettstein VG, Marks GB, Rosengren SM, Hegemann SC. Ethanolkonsum beeintr\u00e4chtigt die Funktion des vestibulo-okularen Reflexes, gemessen by the video head impulse test and dynamic visual acuity. J Vestib Res. 2014 Jan 1;24(4):289-95<\/p>\n\n\n\n<p>Rosengren SM, Weber KP, Hegemann SC,&nbsp;<strong>Roth TN<\/strong>. Die Wirkung von Alkohol auf zervikale und okulare vestibul\u00e4r evozierte myogene Potentiale bei gesunden volunteers. Clin Neurophysiol. 2014 Aug;125(8):1700-8<\/p>\n\n\n\n<p>Stanimirov Rossi O, Vital D, Soyka MB,&nbsp;<strong>Roth TN<\/strong>, Huber GF, Holzmann D. Multilocular sinonasal malignant melanoma: a poor prognostic subgroup?&nbsp;<\/p>\n\n\n\n<p>Eur Arch Otorhinolaryngol. 2015 Jan;272(1):123-9<\/p>\n\n\n\n<p>Laske RD,&nbsp;<strong>Roth TN<\/strong>, Bar\u00e1th K, Schuknecht B, Huber AM, R\u00f6\u00f6sli C. The role of non-echoplanar diffusion-weighted magnetic resonance imaging in<\/p>\n\n\n\n<p>Diagnose von prim\u00e4ren Cholesteatomen und Cholesteatom-Rezidiven als Erg\u00e4nzung zur klinischen Beurteilung. Ann Otol Rhinol Laryngol.<\/p>\n\n\n\n<p>2018 Dec;127(12):919-925.<\/p>\n\n<\/div>","protected":false},"excerpt":{"rendered":"<p>WISSENSCHAFTLICHE T\u00c4TIGKEIT Lehrt\u00e4tigkeit Seit 2010 Dozent im Masterstudiengang an der Medizinischen Fakult\u00e4t der Universit\u00e4t Z\u00fcrich: verschiedene Praktika und VorlesungenSeit 2010 Pr\u00fcfer an der Medizinischen Fakult\u00e4t der Universit\u00e4t Z\u00fcrich: OSCE (Objective Structured Clinical Examination) f\u00fcr das Staatsexamen2011 Autor von Multiple Choice Pr\u00fcfungen f\u00fcr das Staatsexamen in Humanmedizin (BAG) Masterabschluss in Medizin (M Med) Masterarbeit in Otoneurologie: [&hellip;]<\/p>\n","protected":false},"author":1,"featured_media":0,"parent":0,"menu_order":0,"comment_status":"closed","ping_status":"closed","template":"content-template.php","meta":{"_acf_changed":false,"footnotes":""},"class_list":["post-553","page","type-page","status-publish","hentry"],"acf":[],"yoast_head":"<!-- This site is optimized with the Yoast SEO plugin v27.1.1 - https:\/\/yoast.com\/product\/yoast-seo-wordpress\/ -->\n<title>Der Arzt, Lugano, Bellinzona | Studio Otorino Ticino<\/title>\n<meta name=\"robots\" content=\"index, follow, max-snippet:-1, max-image-preview:large, max-video-preview:-1\" \/>\n<link rel=\"canonical\" href=\"https:\/\/otorinoticino.ch\/de\/dr-thomas-roth\/\" \/>\n<meta property=\"og:locale\" content=\"de_DE\" \/>\n<meta property=\"og:type\" content=\"article\" \/>\n<meta property=\"og:title\" content=\"Der Arzt, Lugano, Bellinzona | Studio Otorino Ticino\" \/>\n<meta property=\"og:description\" content=\"WISSENSCHAFTLICHE T\u00c4TIGKEIT Lehrt\u00e4tigkeit Seit 2010 Dozent im Masterstudiengang an der Medizinischen Fakult\u00e4t der Universit\u00e4t Z\u00fcrich: verschiedene Praktika und VorlesungenSeit 2010 Pr\u00fcfer an der Medizinischen Fakult\u00e4t der Universit\u00e4t Z\u00fcrich: OSCE (Objective Structured Clinical Examination) f\u00fcr das Staatsexamen2011 Autor von Multiple Choice Pr\u00fcfungen f\u00fcr das Staatsexamen in Humanmedizin (BAG) Masterabschluss in Medizin (M Med) Masterarbeit in Otoneurologie: [&hellip;]\" \/>\n<meta property=\"og:url\" content=\"https:\/\/otorinoticino.ch\/de\/dr-thomas-roth\/\" \/>\n<meta property=\"og:site_name\" content=\"Studio OTORINO Ticino\" \/>\n<meta property=\"article:modified_time\" content=\"2024-10-17T04:44:31+00:00\" \/>\n<meta property=\"og:image\" content=\"https:\/\/otorinoticino.ch\/wp-content\/uploads\/2024\/10\/dr-tomath-roth.webp\" \/>\n<meta name=\"twitter:card\" content=\"summary_large_image\" \/>\n<meta name=\"twitter:label1\" content=\"Gesch\u00e4tzte Lesezeit\" \/>\n\t<meta name=\"twitter:data1\" content=\"5\u00a0Minuten\" \/>\n<script type=\"application\/ld+json\" class=\"yoast-schema-graph\">{\"@context\":\"https:\/\/schema.org\",\"@graph\":[{\"@type\":\"WebPage\",\"@id\":\"https:\/\/otorinoticino.ch\/de\/dr-thomas-roth\/\",\"url\":\"https:\/\/otorinoticino.ch\/de\/dr-thomas-roth\/\",\"name\":\"Der Arzt, Lugano, Bellinzona | Studio Otorino Ticino\",\"isPartOf\":{\"@id\":\"https:\/\/otorinoticino.ch\/de\/#website\"},\"primaryImageOfPage\":{\"@id\":\"https:\/\/otorinoticino.ch\/de\/dr-thomas-roth\/#primaryimage\"},\"image\":{\"@id\":\"https:\/\/otorinoticino.ch\/de\/dr-thomas-roth\/#primaryimage\"},\"thumbnailUrl\":\"https:\/\/otorinoticino.ch\/wp-content\/uploads\/2024\/10\/dr-tomath-roth.webp\",\"datePublished\":\"2024-10-02T16:29:16+00:00\",\"dateModified\":\"2024-10-17T04:44:31+00:00\",\"breadcrumb\":{\"@id\":\"https:\/\/otorinoticino.ch\/de\/dr-thomas-roth\/#breadcrumb\"},\"inLanguage\":\"de\",\"potentialAction\":[{\"@type\":\"ReadAction\",\"target\":[\"https:\/\/otorinoticino.ch\/de\/dr-thomas-roth\/\"]}]},{\"@type\":\"ImageObject\",\"inLanguage\":\"de\",\"@id\":\"https:\/\/otorinoticino.ch\/de\/dr-thomas-roth\/#primaryimage\",\"url\":\"https:\/\/otorinoticino.ch\/wp-content\/uploads\/2024\/10\/dr-tomath-roth.webp\",\"contentUrl\":\"https:\/\/otorinoticino.ch\/wp-content\/uploads\/2024\/10\/dr-tomath-roth.webp\"},{\"@type\":\"BreadcrumbList\",\"@id\":\"https:\/\/otorinoticino.ch\/de\/dr-thomas-roth\/#breadcrumb\",\"itemListElement\":[{\"@type\":\"ListItem\",\"position\":1,\"name\":\"Home\",\"item\":\"https:\/\/otorinoticino.ch\/de\/\"},{\"@type\":\"ListItem\",\"position\":2,\"name\":\"Dr. Thomas Roth\"}]},{\"@type\":\"WebSite\",\"@id\":\"https:\/\/otorinoticino.ch\/de\/#website\",\"url\":\"https:\/\/otorinoticino.ch\/de\/\",\"name\":\"Studio OTORINO Ticino\",\"description\":\"\",\"publisher\":{\"@id\":\"https:\/\/otorinoticino.ch\/de\/#organization\"},\"potentialAction\":[{\"@type\":\"SearchAction\",\"target\":{\"@type\":\"EntryPoint\",\"urlTemplate\":\"https:\/\/otorinoticino.ch\/de\/?s={search_term_string}\"},\"query-input\":{\"@type\":\"PropertyValueSpecification\",\"valueRequired\":true,\"valueName\":\"search_term_string\"}}],\"inLanguage\":\"de\"},{\"@type\":\"Organization\",\"@id\":\"https:\/\/otorinoticino.ch\/de\/#organization\",\"name\":\"Studio OTORINO Ticino\",\"url\":\"https:\/\/otorinoticino.ch\/de\/\",\"logo\":{\"@type\":\"ImageObject\",\"inLanguage\":\"de\",\"@id\":\"https:\/\/otorinoticino.ch\/de\/#\/schema\/logo\/image\/\",\"url\":\"https:\/\/otorinoticino.ch\/wp-content\/uploads\/2024\/10\/cropped-logo.png\",\"contentUrl\":\"https:\/\/otorinoticino.ch\/wp-content\/uploads\/2024\/10\/cropped-logo.png\",\"width\":522,\"height\":278,\"caption\":\"Studio OTORINO Ticino\"},\"image\":{\"@id\":\"https:\/\/otorinoticino.ch\/de\/#\/schema\/logo\/image\/\"}}]}<\/script>\n<!-- \/ Yoast SEO plugin. -->","yoast_head_json":{"title":"Der Arzt, Lugano, Bellinzona | Studio Otorino Ticino","robots":{"index":"index","follow":"follow","max-snippet":"max-snippet:-1","max-image-preview":"max-image-preview:large","max-video-preview":"max-video-preview:-1"},"canonical":"https:\/\/otorinoticino.ch\/de\/dr-thomas-roth\/","og_locale":"de_DE","og_type":"article","og_title":"Der Arzt, Lugano, Bellinzona | Studio Otorino Ticino","og_description":"WISSENSCHAFTLICHE T\u00c4TIGKEIT Lehrt\u00e4tigkeit Seit 2010 Dozent im Masterstudiengang an der Medizinischen Fakult\u00e4t der Universit\u00e4t Z\u00fcrich: verschiedene Praktika und VorlesungenSeit 2010 Pr\u00fcfer an der Medizinischen Fakult\u00e4t der Universit\u00e4t Z\u00fcrich: OSCE (Objective Structured Clinical Examination) f\u00fcr das Staatsexamen2011 Autor von Multiple Choice Pr\u00fcfungen f\u00fcr das Staatsexamen in Humanmedizin (BAG) Masterabschluss in Medizin (M Med) Masterarbeit in Otoneurologie: [&hellip;]","og_url":"https:\/\/otorinoticino.ch\/de\/dr-thomas-roth\/","og_site_name":"Studio OTORINO Ticino","article_modified_time":"2024-10-17T04:44:31+00:00","og_image":[{"url":"https:\/\/otorinoticino.ch\/wp-content\/uploads\/2024\/10\/dr-tomath-roth.webp","type":"","width":"","height":""}],"twitter_card":"summary_large_image","twitter_misc":{"Gesch\u00e4tzte Lesezeit":"5\u00a0Minuten"},"schema":{"@context":"https:\/\/schema.org","@graph":[{"@type":"WebPage","@id":"https:\/\/otorinoticino.ch\/de\/dr-thomas-roth\/","url":"https:\/\/otorinoticino.ch\/de\/dr-thomas-roth\/","name":"Der Arzt, Lugano, Bellinzona | Studio Otorino Ticino","isPartOf":{"@id":"https:\/\/otorinoticino.ch\/de\/#website"},"primaryImageOfPage":{"@id":"https:\/\/otorinoticino.ch\/de\/dr-thomas-roth\/#primaryimage"},"image":{"@id":"https:\/\/otorinoticino.ch\/de\/dr-thomas-roth\/#primaryimage"},"thumbnailUrl":"https:\/\/otorinoticino.ch\/wp-content\/uploads\/2024\/10\/dr-tomath-roth.webp","datePublished":"2024-10-02T16:29:16+00:00","dateModified":"2024-10-17T04:44:31+00:00","breadcrumb":{"@id":"https:\/\/otorinoticino.ch\/de\/dr-thomas-roth\/#breadcrumb"},"inLanguage":"de","potentialAction":[{"@type":"ReadAction","target":["https:\/\/otorinoticino.ch\/de\/dr-thomas-roth\/"]}]},{"@type":"ImageObject","inLanguage":"de","@id":"https:\/\/otorinoticino.ch\/de\/dr-thomas-roth\/#primaryimage","url":"https:\/\/otorinoticino.ch\/wp-content\/uploads\/2024\/10\/dr-tomath-roth.webp","contentUrl":"https:\/\/otorinoticino.ch\/wp-content\/uploads\/2024\/10\/dr-tomath-roth.webp"},{"@type":"BreadcrumbList","@id":"https:\/\/otorinoticino.ch\/de\/dr-thomas-roth\/#breadcrumb","itemListElement":[{"@type":"ListItem","position":1,"name":"Home","item":"https:\/\/otorinoticino.ch\/de\/"},{"@type":"ListItem","position":2,"name":"Dr. Thomas Roth"}]},{"@type":"WebSite","@id":"https:\/\/otorinoticino.ch\/de\/#website","url":"https:\/\/otorinoticino.ch\/de\/","name":"Studio OTORINO Ticino","description":"","publisher":{"@id":"https:\/\/otorinoticino.ch\/de\/#organization"},"potentialAction":[{"@type":"SearchAction","target":{"@type":"EntryPoint","urlTemplate":"https:\/\/otorinoticino.ch\/de\/?s={search_term_string}"},"query-input":{"@type":"PropertyValueSpecification","valueRequired":true,"valueName":"search_term_string"}}],"inLanguage":"de"},{"@type":"Organization","@id":"https:\/\/otorinoticino.ch\/de\/#organization","name":"Studio OTORINO Ticino","url":"https:\/\/otorinoticino.ch\/de\/","logo":{"@type":"ImageObject","inLanguage":"de","@id":"https:\/\/otorinoticino.ch\/de\/#\/schema\/logo\/image\/","url":"https:\/\/otorinoticino.ch\/wp-content\/uploads\/2024\/10\/cropped-logo.png","contentUrl":"https:\/\/otorinoticino.ch\/wp-content\/uploads\/2024\/10\/cropped-logo.png","width":522,"height":278,"caption":"Studio OTORINO Ticino"},"image":{"@id":"https:\/\/otorinoticino.ch\/de\/#\/schema\/logo\/image\/"}}]}},"_links":{"self":[{"href":"https:\/\/otorinoticino.ch\/de\/wp-json\/wp\/v2\/pages\/553","targetHints":{"allow":["GET"]}}],"collection":[{"href":"https:\/\/otorinoticino.ch\/de\/wp-json\/wp\/v2\/pages"}],"about":[{"href":"https:\/\/otorinoticino.ch\/de\/wp-json\/wp\/v2\/types\/page"}],"author":[{"embeddable":true,"href":"https:\/\/otorinoticino.ch\/de\/wp-json\/wp\/v2\/users\/1"}],"replies":[{"embeddable":true,"href":"https:\/\/otorinoticino.ch\/de\/wp-json\/wp\/v2\/comments?post=553"}],"version-history":[{"count":5,"href":"https:\/\/otorinoticino.ch\/de\/wp-json\/wp\/v2\/pages\/553\/revisions"}],"predecessor-version":[{"id":1111,"href":"https:\/\/otorinoticino.ch\/de\/wp-json\/wp\/v2\/pages\/553\/revisions\/1111"}],"wp:attachment":[{"href":"https:\/\/otorinoticino.ch\/de\/wp-json\/wp\/v2\/media?parent=553"}],"curies":[{"name":"wp","href":"https:\/\/api.w.org\/{rel}","templated":true}]}}